{"id":2211,"date":"2021-04-24T20:49:10","date_gmt":"2021-04-24T23:49:10","guid":{"rendered":"https:\/\/iipsi.com.br\/privacy-policy\/"},"modified":"2021-04-24T20:49:10","modified_gmt":"2021-04-24T23:49:10","slug":"privacy-policy","status":"publish","type":"page","link":"https:\/\/www.iipsi.com.br\/en\/privacy-policy\/","title":{"rendered":"Privacy Policy"},"content":{"rendered":"\t\t<div data-elementor-type=\"wp-page\" data-elementor-id=\"2211\" class=\"elementor elementor-2211\" data-elementor-post-type=\"page\">\n\t\t\t\t\t\t<section class=\"elementor-section elementor-top-section elementor-element elementor-element-1f4fb4c1 elementor-section-boxed elementor-section-height-default elementor-section-height-default\" data-id=\"1f4fb4c1\" data-element_type=\"section\" data-e-type=\"section\">\n\t\t\t\t\t\t<div class=\"elementor-container elementor-column-gap-default\">\n\t\t\t\t\t<div class=\"elementor-column elementor-col-100 elementor-top-column elementor-element elementor-element-314d04ae\" data-id=\"314d04ae\" data-element_type=\"column\" data-e-type=\"column\">\n\t\t\t<div class=\"elementor-widget-wrap elementor-element-populated\">\n\t\t\t\t\t\t<div class=\"elementor-element elementor-element-2272974b elementor-widget elementor-widget-text-editor\" data-id=\"2272974b\" data-element_type=\"widget\" data-e-type=\"widget\" data-widget_type=\"text-editor.default\">\n\t\t\t\t<div class=\"elementor-widget-container\">\n\t\t\t\t\t\t\t\t\t<h4>Pol\u00edtica de Privacidade e Prote\u00e7\u00e3o de Dados Pessoais do Instituto Internacional de Psican\u00e1lise<\/h4>\n<p>Sejam bem-vindos a plataforma do Instituto Internacional de Psican\u00e1lise. Esta Pol\u00edtica de Privacidade e Prote\u00e7\u00e3o de Dados Pessoais foi institu\u00edda para estabelecer o compromisso com a seguran\u00e7a das informa\u00e7\u00f5es dos usu\u00e1rios cadastrados e visitantes de nosso Portal.<\/p>\n<p>\nEste documento estabelece diretrizes e procedimentos para o tratamento dos dados pessoais no Instituto Internacional de Psican\u00e1lise, em conformidade com a Lei Geral de Prote\u00e7\u00e3o de Dados Pessoais &#8211; LGPD (Lei Federal n\u00ba 13.709, de 14 de agosto de 2018) e com o Marco Civil da Internet (Lei n\u00ba 12.965, de 23 de abril de 2014). <\/p>\n<p>\nNo Instituto Internacional de Psican\u00e1lise, levamos a sua privacidade a s\u00e9rio e queremos ser transparentes explicando para voc\u00ea como usamos seus dados pessoais e como voc\u00ea pode geri-los. Esta Pol\u00edtica de Privacidade e Prote\u00e7\u00e3o de Dados (\u201cPol\u00edtica\u201d) deve ser lida em conjunto com os Termos de Uso e Condi\u00e7\u00f5es (\u201cTermos\u201d). <\/p>\n<p>\nO Tratamento de dados pessoais \u00e9 uma condi\u00e7\u00e3o para utilizar o portal, recursos ou site do Instituto Internacional de Psican\u00e1lise, n\u00e3o sendo poss\u00edvel oferecer os benef\u00edcios dos nossos servi\u00e7os, promo\u00e7\u00f5es e acesso aos conte\u00fados sem ter acesso aos seus dados pessoais. <\/p>\n<p><h5>1. Conceitos principais da LGPD<\/h5>\n<h5>1.1. O que \u00e9 a LGPD?<\/h5>\n<p>LGPD \u00e9 a sigla da Lei Geral de Prote\u00e7\u00e3o de Dados (Lei n\u00ba 13.709\/2018). A LGPD estabelece regras sobre coleta, armazenamento e compartilhamento de dados pessoais, atribuindo e garantindo a prote\u00e7\u00e3o de dados pessoais dos cidad\u00e3os brasileiros dentro e fora do Brasil. <\/p>\n<h5>1.2. O que s\u00e3o dados pessoais?<\/h5>\n<p><strong>1.2.1 Dado pessoal: <\/strong> \u00e9 a informa\u00e7\u00e3o relacionada \u00e0 pessoa natural identificada ou identific\u00e1vel, ou seja, qualquer informa\u00e7\u00e3o que permita identificar, direta ou indiretamente um indiv\u00edduo, \u00e9 considerado um dado pessoal. <\/p>\n<p>Exemplos: nome, RG, CPF, g\u00eanero, data e local de nascimento, n\u00famero do telefone, endere\u00e7o residencial, endere\u00e7o eletr\u00f4nico (e-mail), dados de localiza\u00e7\u00e3o via GPS, placa de autom\u00f3vel, imagem fotogr\u00e1fica ou computacional, dentre outros. <\/p>\n<p>\n<strong>1.2.2 Dado pessoal sens\u00edvel: <\/strong> diz respeito aos dados que revelam informa\u00e7\u00f5es pessoais sobre origem racial ou \u00e9tnica, convic\u00e7\u00e3o religiosa, opini\u00e3o pol\u00edtica, filia\u00e7\u00e3o a sindicato ou a organiza\u00e7\u00e3o de car\u00e1ter religioso, filos\u00f3fico ou pol\u00edtico, \u00e0 sa\u00fade ou \u00e0 vida sexual, \u00e0 gen\u00e9tica ou \u00e0 biometria. <\/p>\n<p>\n<strong>1.2.3 Dado anonimizado: <\/strong>\u00e9 o dado relativo a um indiv\u00edduo que n\u00e3o possa ser identificado, pois passou por algum meio t\u00e9cnico de tratamento para garantir sua desvincula\u00e7\u00e3o, direta ou indireta, de uma pessoa. <\/p>\n<h5>\n<strong>1.3. O que s\u00e3o cookies? <\/strong><\/h5>\n<p>\nDurante a navega\u00e7\u00e3o na internet, quando voc\u00ea acessa sites de m\u00eddias sociais, not\u00edcias, lojas virtuais entre outros, eles podem enviar pequenos arquivos de texto (cookies) para o seu navegador para registrar o seu comportamento. Entre outros objetivos, eles servem para identificar o usu\u00e1rio e suas prefer\u00eancias, ajustar o idioma uma vez escolhido por voc\u00ea, mede e analisa a atividade no site para melhorias de navega\u00e7\u00e3o, exibe an\u00fancios de acordo com o perfil especificado pelo usu\u00e1rio. <\/p>\n<h5>\n2. Informa\u00e7\u00f5es acerca dos Dados coletados<\/h5>\n<p>\nColetamos os seguintes dados pessoais que os usu\u00e1rios nos fornecem ao utilizar nosso site:<br \/>\n&#8211; Nome Completo;<br \/>\n&#8211; CPF;<br \/>\n&#8211; Endere\u00e7o de e-mail;<br \/>\n&#8211; N\u00fameros de Telefone;<br \/>\n&#8211; Mensagens de contato; <\/p>\n<p>\n<span style=\"text-decoration: underline;\">A coleta destes dados ocorre nos seguintes momentos:<\/span><br \/>\n&#8211; Quando o usu\u00e1rio utiliza o formul\u00e1rio de contato;<br \/>\n&#8211; Quando o usu\u00e1rio entra em contato por meio de aplicativos de mensagens, chats, liga\u00e7\u00f5es telef\u00f4nicas, v\u00eddeo-chamadas ou outra via;<br \/>\n&#8211; Quando o usu\u00e1rio se cadastra para receber boletins, descontos e materiais como infogr\u00e1ficos, e-books, pesquisas, entre outros conte\u00fados; <br \/>\n&#8211; Quando o usu\u00e1rio solicita uma cota\u00e7\u00e3o ou contrata\u00e7\u00e3o de servi\u00e7o;<br \/>\n&#8211; Quando o usu\u00e1rio agenda uma reuni\u00e3o, consulta ou demonstra\u00e7\u00e3o de nossos produtos e servi\u00e7os;<br \/>\n&#8211; Quando o usu\u00e1rio participa de estudos, enquetes e pesquisas;<\/p>\n<p>\n<span style=\"text-decoration: underline;\">Os dados fornecidos por nossos usu\u00e1rios s\u00e3o coletados com as seguintes finalidades: <\/span><br \/>\n&#8211; Para or\u00e7ar ou contratar nossos servi\u00e7os e\/ou cursos; <br \/>\n&#8211; Para entrar em contato com nosso atendimento ao cliente; <br \/>\n&#8211; Para enviar materiais informativos e conte\u00fados educativos; <br \/>\n&#8211; Para comunicar ofertas, an\u00fancios e promo\u00e7\u00f5es; <br \/>\n&#8211; Para que nossos colaboradores possam entrar em contato via e-mail, telefone, chat e mensagens de texto para fazer pesquisas e\/ou apresentar produtos e servi\u00e7os; <br \/>\n&#8211; Para enviar faturas e lembretes de pagamento; <br \/>\n&#8211; Para enviar mensagens relativas ao suporte ou servi\u00e7os, como alertas, notifica\u00e7\u00f5es e atualiza\u00e7\u00f5es; <br \/>\n&#8211; Para enviar lembretes e notifica\u00e7\u00f5es de reuni\u00f5es e eventos; <br \/>\n&#8211; Para todo e qualquer fim que o usu\u00e1rio nos autorizar no momento da coleta dos dados; <br \/>\n&#8211; Para cria\u00e7\u00e3o de conta \/ perfil em nossa plataforma; <br \/>\n&#8211; Para cumprir com nossas obriga\u00e7\u00f5es legais, regulat\u00f3rias e fiscais. <\/p>\n<h5>\n<p>2.1. Dados pessoais comportamentais: <\/h5>\n<p>Quando o usu\u00e1rio visita o nosso website, \u00e9 inserido um \u2018cookie\u2019 em seu navegador por meio do software Google Analytics, para identificar quantas vezes visitou o nosso endere\u00e7o eletr\u00f4nico, quanto tempo permaneceu em nosso website, desde que cidade nos acessou e quais p\u00e1ginas leu e recomendou, entre outros. <\/p>\n<p><span style=\"text-decoration: underline;\">Coletamos os seguintes dados pessoais atrav\u00e9s de cookies e outras formas que os usu\u00e1rios geram e\/ou nos fornecem ao utilizar nosso site:<\/span><br \/>\n&#8211; Endere\u00e7o IP; <br \/>\n&#8211; Dados de geolocaliza\u00e7\u00e3o e localiza\u00e7\u00e3o geogr\u00e1fica; <br \/>\n&#8211; Palavras-chave e termos buscados; <br \/>\n&#8211; Fonte de refer\u00eancia, tipo e vers\u00e3o de navegador;<br \/>\n&#8211; P\u00e1ginas visitadas, tempo de dura\u00e7\u00e3o de cada visita e hist\u00f3rico de visitas<br \/>\n&#8211; Dados contextuais baseados na experi\u00eancia de navega\u00e7\u00e3o, como datas e hor\u00e1rios de acesso mais frequentes, contagem de cliques em links e bot\u00f5es, n\u00famero de downloads de materiais, aberturas de newsletters, entre outros. <\/p>\n<p>\n<span style=\"text-decoration: underline;\">A coleta destes dados ocorre nos seguintes momentos: <\/span><br \/>\n&#8211; Quando o usu\u00e1rio visita uma a nossa p\u00e1gina; <br \/>\n&#8211; Quando l\u00ea e\/ou comenta uma de nossas publica\u00e7\u00f5es e postagens; <br \/>\n&#8211; Quando assiste um de nossos v\u00eddeos online; <br \/>\n&#8211; Quando o usu\u00e1rio faz login e logout no site; <br \/>\n&#8211; Quando o usu\u00e1rio utiliza aplicativos de mensagens ou chats; <br \/>\n&#8211; Quando o usu\u00e1rio entra em contato por e-mail, telefone ou formul\u00e1rio; <br \/>\n&#8211; Quando o usu\u00e1rio se cadastra para receber boletins, v\u00eddeos, planilhas, e-books, textos, ou quaisquer outros conte\u00fados e materiais; <br \/>\n&#8211; Quando o usu\u00e1rio clica em links, bot\u00f5es, an\u00fancios, imagens e v\u00eddeos; <br \/>\n&#8211; Quando o usu\u00e1rio participa de enquetes e pesquisas online; <br \/>\n&#8211; Quando o usu\u00e1rio reenvia ou compartilha nossas p\u00e1ginas e conte\u00fados; <br \/>\n&#8211; Quando o usu\u00e1rio solicita uma cota\u00e7\u00e3o ou contrata\u00e7\u00e3o de servi\u00e7o; <br \/>\n&#8211; Quando realiza algum tipo de intera\u00e7\u00e3o com nosso site; <\/p>\n<p>\n<span style=\"text-decoration: underline;\">Os dados gerados e\/ou fornecidos por nossos usu\u00e1rios s\u00e3o coletados com as seguintes finalidades: <\/span><br \/>\n&#8211; Para garantir a seguran\u00e7a do website;<br \/>\n&#8211; Para detectar comportamento fora do habitual e brechas de seguran\u00e7a;<br \/>\n&#8211; Para rastrear de onde partem poss\u00edveis tentativas de invas\u00e3o;<br \/>\n&#8211; Para cumprir determina\u00e7\u00e3o legal de armazenamento de registros de acesso, conforme o disposto no art. 15 do Marco Civil da Internet; <br \/>\n&#8211; Para gerar estat\u00edsticas de visita\u00e7\u00e3o e de intera\u00e7\u00e3o com nosso site; <br \/>\n&#8211; Para desenvolver novas funcionalidades em nosso website; <br \/>\n&#8211; Para otimizar e aprimorar a navega\u00e7\u00e3o, usabilidade e layout do site; <br \/>\n&#8211; Para compreender como os usu\u00e1rios utilizam nosso site e ajudar nas pesquisa de novas solu\u00e7\u00f5es, cursos, conte\u00fados, produtos e servi\u00e7os; <br \/>\n&#8211; Para realizar an\u00fancios e comunica\u00e7\u00e3o direcionada aos gostos e interesses do usu\u00e1rios; <br \/>\n&#8211; Para personalizar a experi\u00eancia do usu\u00e1rio que visita nosso site; <br \/>\n&#8211; Para todo e qualquer fim que o usu\u00e1rio nos autorizar no momento da recolha dos dados; <br \/>\n&#8211; Para cumprir com nossas obriga\u00e7\u00f5es legais e regulat\u00f3rias; <\/p>\n<h5>\n2.2. Dados pessoais sens\u00edveis: <\/h5>\n<p>\nN\u00e3o coletamos dados sens\u00edveis de nossos usu\u00e1rios, assim entendidos aqueles definidos nos arts. 11 e seguintes da Lei Geral da Prote\u00e7\u00e3o de Dados Pessoais. N\u00e3o solicitamos informa\u00e7\u00f5es nem coletamos dados sobre a sa\u00fade, orienta\u00e7\u00e3o pol\u00edtica, convic\u00e7\u00e3o religiosa, ideol\u00f3gica ou filos\u00f3fica, origem \u00e9tnica ou racial, orienta\u00e7\u00e3o sexual, filia\u00e7\u00e3o a sindicato, dados gen\u00e9ticos ou biom\u00e9tricos. <\/p>\n<h5>\n2.3. Dados de crian\u00e7as e adolescentes: <\/h5>\n<p>\nEste site n\u00e3o coleta dados de crian\u00e7as e adolescentes. <\/p>\n<h5>\n2.4. Por meio de cookies<\/h5>\n<p>\nAtrav\u00e9s do uso de cookies, identificamos seus h\u00e1bitos de visita, suas prefer\u00eancias, entrega de an\u00fancios e an\u00e1lises de audi\u00eancias. <\/p>\n<h5>\n2.4.1. Como utilizamos os cookies e outras tecnologias de rastreamento? <\/h5>\n<p>\nUtilizamos cookies e outras tecnologias de rastreamento para identificar voc\u00ea e seus interesses, lembrar suas prefer\u00eancias e acompanhar o uso da nossa plataforma. Tamb\u00e9m utilizamos os cookies e outras tecnologias de rastreamento para controlar o acesso a determinados conte\u00fados em nossa plataforma, proteg\u00ea-las e processar quaisquer solicita\u00e7\u00f5es que voc\u00ea nos fa\u00e7a. <\/p>\n<h5>\n2.4.2. Quais as categorias e a finalidade dos cookies? <\/h5>\n<ul>\n<li style=\"text-decoration: underline;\">Estritamente necess\u00e1rios\/t\u00e9cnicos<\/li>\n<\/ul>\n<p>\nNecess\u00e1rios para o funcionamento da plataforma, sem eles torna-se imposs\u00edvel executar algumas funcionalidades da plataforma. Eles permitem que voc\u00ea navegue e use os servi\u00e7os e recursos (por exemplo, cookies de seguran\u00e7a para autenticar usu\u00e1rios, evitar a utiliza\u00e7\u00e3o fraudulenta de credenciais de login e proteger os Dados do usu\u00e1rio de terceiros n\u00e3o autorizados). Portanto, n\u00e3o \u00e9 poss\u00edvel recusar estes cookies se voc\u00ea quiser navegar e consumir nossos conte\u00fados. <\/p>\n<ul>\n<li style=\"text-decoration: underline;\">Anal\u00edticos\/Desempenho<\/li>\n<\/ul>\n<p>\nColetam informa\u00e7\u00f5es de forma an\u00f4nima, ou seja, os resultados que recebemos dessa an\u00e1lise s\u00e3o fornecidos de forma agregada e n\u00e3o permitem a identifica\u00e7\u00e3o direta ou indireta do Usu\u00e1rio. Esses cookies permitem determinar informa\u00e7\u00f5es, como o n\u00famero de visitantes de uma p\u00e1gina, como os visitantes chegaram ao site e as p\u00e1ginas acessadas. Por exemplo, esses cookies rastreiam as p\u00e1ginas que s\u00e3o visitadas com maior frequ\u00eancia e a localidade de nossos visitantes. <\/p>\n<ul>\n<li style=\"text-decoration: underline;\">De funcionalidade<\/li>\n<\/ul>\n<p>\nOs cookies desta categoria permitem ao Instituto Internacional de Psican\u00e1lise operar a plataforma com as escolhas que voc\u00ea faz. Eles nos permitem \u201clembrar\u201d de suas visitas anteriores a plataforma. Por exemplo, reconheceremos o seu nome de usu\u00e1rio e lembramos como voc\u00ea personalizou o seu conte\u00fado dentro da plataforma, nos possibilita oferecer a voc\u00ea, sempre que voc\u00ea retornar a plataforma, as mesmas personaliza\u00e7\u00f5es realizadas anteriormente. <\/p>\n<ul>\n<li style=\"text-decoration: underline;\">De publicidade e direcionamento <\/li>\n<\/ul>\n<p>\nEsses cookies coletam informa\u00e7\u00f5es sobre as suas atividades na plataforma e em outros sites para fornecer publicidade segmentada. Podemos tamb\u00e9m permitir que os nossos prestadores de servi\u00e7os terceirizados utilizem cookies na plataforma para os mesmos fins identificados acima. Os prestadores de servi\u00e7os terceirizados que geram esses cookies, como: Google, Facebook, entre outros, possuem as suas pr\u00f3prias pol\u00edticas de privacidade e podem utilizar os seus cookies para segmentar publicidade para voc\u00ea em outros sites, com base na sua visita a nossa plataforma. <\/p>\n<h5>\n2.4.3. Utiliza\u00e7\u00e3o de cookies de terceiros<\/h5>\n<p>\nPrestadores de servi\u00e7os, com a nossa autoriza\u00e7\u00e3o, poder\u00e3o utilizar seus pr\u00f3prios cookies nos Servi\u00e7os. Tais cookies coletar\u00e3o os seus Dados nas nossas propriedades para as finalidades previstas nesta pol\u00edtica.<\/p>\n<p>\nOs \u201ccookies de terceiros\u201d s\u00e3o cookies que terceiros inserem no seu dispositivo atrav\u00e9s da nossa plataforma, com a finalidade de nos ajudar a medir e aperfei\u00e7oar a efic\u00e1cia de nossas comunica\u00e7\u00f5es. <\/p>\n<h5>\n2.4.4. Como fa\u00e7o para alterar ou bloquear cookies? <\/h5>\n<p>\nOs navegadores normalmente est\u00e3o configurados para aceitar os cookies. Por\u00e9m, voc\u00ea pode alterar estas configura\u00e7\u00f5es no momento que desejar para bloquear ou alert\u00e1-lo quando um cookie estiver sendo enviado ao seu dispositivo. <\/p>\n<p>\nExistem v\u00e1rias formas de gerenciar cookies, voc\u00ea pode bloquear cookies de um site espec\u00edfico, bloquear cookies de terceiros em rela\u00e7\u00e3o a um site, ou ainda bloquear todos os cookies. Mas fique atento, o bloqueio de todos os cookies ir\u00e1 afetar o funcionamento da sua experi\u00eancia, pois n\u00e3o ser\u00e1 poss\u00edvel identificar suas prefer\u00eancias na plataforma e nem recomendar conte\u00fado e publicidade relevante. <\/p>\n<p>\nPara saber mais sobre os ajustes de cookies, consulte as instru\u00e7\u00f5es do seu navegador, lembrando que voc\u00ea deve fazer essa configura\u00e7\u00e3o escolhida em todos os dispositivos utilizados para acessar os Servi\u00e7os (como computadores, smartphones, tablets). <\/p>\n<h5>3. Com quem compartilhamos seus Dados<\/h5>\n<h5>3.1. Compartilhamos com terceiros<\/h5>\n<p>\nCompartilhamos seus Dados com alguns de nossos parceiros que nos ajudam na execu\u00e7\u00e3o dos nossos Servi\u00e7os, como parceiros: provedores e integradores de meios de pagamento, empresas de cart\u00e3o de cr\u00e9dito, prestadora de servi\u00e7os de marketing e publicidade, autoridades judiciais, policiais ou governamentais, prestadores de servi\u00e7os para manuten\u00e7\u00e3o de nossa plataforma, an\u00e1lise de dados visando o enriquecimento da base de dados para personaliza\u00e7\u00e3o e melhoria dos servi\u00e7os. Todos os prestadores de servi\u00e7os est\u00e3o contratualmente obrigados ao sigilo, bem como a respeitar a Lei aplic\u00e1vel e nos termos de nossa Pol\u00edtica. <\/p>\n<h5>4. Hiperlinks para outros sites da internet<\/h5>\n<p>\nNossa plataforma poder\u00e1 conter links de acesso a outros sites da internet (hiperlinks). Lembramos que nossa Pol\u00edtica se aplica apenas a nossa plataforma de acesso aos nossos Servi\u00e7os. Recomendamos que ao clicar em link para outro site, voc\u00ea leia a pol\u00edtica de privacidade deles. <\/p>\n<h5>5. Da prote\u00e7\u00e3o dos dados<\/h5>\n<p>\nUtilizamos padr\u00f5es t\u00e9cnicos de mercado para manter a seguran\u00e7a e privacidade dos seus Dados. <\/p>\n<p>\nPossu\u00edmos a\u00e7\u00f5es abrangentes em tecnologia e processos organizacionais. Adotamos medidas para preservar seus Dados contra acesso, altera\u00e7\u00e3o, uso e destrui\u00e7\u00e3o n\u00e3o autorizada, incluindo: gest\u00e3o de acesso, gest\u00e3o de ativos f\u00edsicos, comunica\u00e7\u00f5es criptografadas e pol\u00edticas internas de ciberseguran\u00e7a. <\/p>\n<h5>6.  Seus direitos de usu\u00e1rio<\/h5>\n<p>\nA qualquer momento voc\u00ea pode decidir sobre a atualiza\u00e7\u00e3o e o tratamento que poderemos dar aos seus Dados. Voc\u00ea pode, de forma gratuita, revogar um consentimento dado anteriormente, corrigir, atualizar ou excluir seus Dados. <\/p>\n<p>\nPara isso, caso deseje realizar alguma das a\u00e7\u00f5es anteriores, ou mesmo se desejar apenas entender mais, tirar d\u00favida ou confirmar a exist\u00eancia de algum tratamento, entre em contato com o nosso time de privacidade atrav\u00e9s do e-mail:  iipsicanalise1@gmail.com\n<\/p>\n<p>\nArmazenamos seus dados durante todo o per\u00edodo que voc\u00ea navegar na nossa plataforma e utilizar nossos servi\u00e7os, ou se for um potencial cliente e quiser acompanhar nossos cursos. Caso voc\u00ea fique inativo na nossa plataforma por um per\u00edodo de 1(um) ano a contar da \u00faltima visita que voc\u00ea nos fizer, nos excluiremos seus dados do nosso banco de dados. <\/p>\n<h5>7. Transfer\u00eancia Internacional de Dados<\/h5>\n<p>\nSegundo a LGPD, a transfer\u00eancia internacional de dados pessoais somente ser\u00e1 permitida nos seguintes casos:<\/p>\n<ul>\n<li>\npara pa\u00edses ou organismos internacionais com grau de prote\u00e7\u00e3o de dados pessoais adequado;<\/li>\n<li>\npara comprova\u00e7\u00e3o de garantias de cumprimento dos princ\u00edpios, dos direitos do titular e do regime de prote\u00e7\u00e3o de dados pessoais, tais como cl\u00e1usulas contratuais espec\u00edficas, cl\u00e1usulas-padr\u00e3o dos contratos, normas corporativas globais, selos e certifica\u00e7\u00f5es regularmente emitidos; <\/li>\n<li>\npara coopera\u00e7\u00e3o jur\u00eddica internacional entre \u00f3rg\u00e3os p\u00fablicos de intelig\u00eancia, para fins de investiga\u00e7\u00e3o; <\/li>\n<li>\npara prote\u00e7\u00e3o da vida ou da incolumidade f\u00edsica do titular ou de terceiro; <\/li>\n<li>\nmediante autoriza\u00e7\u00e3o da ANPD; <\/li>\n<li>\npara compromisso assumido em acordo de coopera\u00e7\u00e3o internacional; <\/li>\n<li>\npara execu\u00e7\u00e3o de pol\u00edtica p\u00fablica ou atribui\u00e7\u00e3o legal do servi\u00e7o p\u00fablico; <\/li>\n<li>\nmediante consentimento espec\u00edfico e em destaque do titular dos dados pessoais; <\/li>\n<li>\npara cumprimento de obriga\u00e7\u00e3o legal ou regulat\u00f3ria; <\/li>\n<li>\npara execu\u00e7\u00e3o de contrato ou de procedimentos preliminares relacionados a contrato do qual seja parte o titular; e<\/li>\n<li>\npara exerc\u00edcio regular de direitos em processo judicial, administrativo ou arbitral. <\/li>\n<\/ul>\n<p>\nConsiderando a presta\u00e7\u00e3o do servi\u00e7o administrativo ou judicial, a transfer\u00eancia internacional de dados pelo Instituto Internacional de Psiquiatria ser\u00e1 realizada com fundamento nas bases legais estabelecidas nesta Pol\u00edtica e nos termos da legisla\u00e7\u00e3o vigente. <\/p>\n<h5>8. Fale Conosco<\/h5>\n<p>\nEntre em contato conosco caso tenha algum pedido, d\u00favida ou sugest\u00e3o com rela\u00e7\u00e3o a nossa Pol\u00edtica. <\/p>\n<p>\nEncarregado de prote\u00e7\u00e3o de dados:<br \/>\n<strong>Wenderson Rodrigues <\/strong>\/ <span style=\"text-decoration: underline;\">wenderson@upsolucoesemti.com.br <\/span><\/p>\n<p>\nEquipe de suporte:<br \/>\n<strong>UP Solu\u00e7\u00f5es em TI<\/strong> \/ <span style=\"text-decoration: underline;\"> tecnologia@upsolucoesemti.com.br<\/span><\/p>\n\t\t\t\t\t\t\t\t<\/div>\n\t\t\t\t<\/div>\n\t\t\t\t<div class=\"elementor-element elementor-element-41ce673 elementor-widget elementor-widget-spacer\" data-id=\"41ce673\" data-element_type=\"widget\" data-e-type=\"widget\" data-widget_type=\"spacer.default\">\n\t\t\t\t<div class=\"elementor-widget-container\">\n\t\t\t\t\t\t\t<div class=\"elementor-spacer\">\n\t\t\t<div class=\"elementor-spacer-inner\"><\/div>\n\t\t<\/div>\n\t\t\t\t\t\t<\/div>\n\t\t\t\t<\/div>\n\t\t\t\t\t<\/div>\n\t\t<\/div>\n\t\t\t\t\t<\/div>\n\t\t<\/section>\n\t\t\t\t<\/div>\n\t\t","protected":false},"excerpt":{"rendered":"<p>Pol\u00edtica de Privacidade e Prote\u00e7\u00e3o de Dados Pessoais do Instituto Internacional de Psican\u00e1lise Sejam bem-vindos a plataforma do Instituto Internacional de Psican\u00e1lise. Esta Pol\u00edtica de Privacidade e Prote\u00e7\u00e3o de Dados Pessoais foi institu\u00edda para<span class=\"excerpt-hellip\"> [\u2026]<\/span><\/p>\n","protected":false},"author":3,"featured_media":0,"parent":0,"menu_order":0,"comment_status":"closed","ping_status":"closed","template":"","meta":{"footnotes":""},"class_list":["post-2211","page","type-page","status-publish","hentry"],"yoast_head":"<!-- This site is optimized with the Yoast SEO plugin v27.4 - https:\/\/yoast.com\/product\/yoast-seo-wordpress\/ -->\n<title>Privacy Policy - Instituto Internacional de Psican\u00e1lise<\/title>\n<meta name=\"robots\" content=\"index, follow, max-snippet:-1, max-image-preview:large, max-video-preview:-1\" \/>\n<link rel=\"canonical\" href=\"https:\/\/www.iipsi.com.br\/politica-de-privacidade\/\" \/>\n<meta property=\"og:locale\" content=\"en_US\" \/>\n<meta property=\"og:type\" content=\"article\" \/>\n<meta property=\"og:title\" content=\"Privacy Policy - Instituto Internacional de Psican\u00e1lise\" \/>\n<meta property=\"og:description\" content=\"Pol\u00edtica de Privacidade e Prote\u00e7\u00e3o de Dados Pessoais do Instituto Internacional de Psican\u00e1lise Sejam bem-vindos a plataforma do Instituto Internacional de Psican\u00e1lise. Esta Pol\u00edtica de Privacidade e Prote\u00e7\u00e3o de Dados Pessoais foi institu\u00edda para [\u2026]\" \/>\n<meta property=\"og:url\" content=\"https:\/\/www.iipsi.com.br\/politica-de-privacidade\/\" \/>\n<meta property=\"og:site_name\" content=\"Instituto Internacional de Psican\u00e1lise\" \/>\n<meta property=\"article:publisher\" content=\"https:\/\/www.facebook.com\/Instituto-Internacional-de-Psicanlise-154483503074510\" \/>\n<meta name=\"twitter:card\" content=\"summary_large_image\" \/>\n<meta name=\"twitter:label1\" content=\"Est. reading time\" \/>\n\t<meta name=\"twitter:data1\" content=\"14 minutes\" \/>\n<script type=\"application\/ld+json\" class=\"yoast-schema-graph\">{\"@context\":\"https:\\\/\\\/schema.org\",\"@graph\":[{\"@type\":\"WebPage\",\"@id\":\"https:\\\/\\\/www.iipsi.com.br\\\/politica-de-privacidade\\\/\",\"url\":\"https:\\\/\\\/www.iipsi.com.br\\\/politica-de-privacidade\\\/\",\"name\":\"Privacy Policy - Instituto Internacional de Psican\u00e1lise\",\"isPartOf\":{\"@id\":\"https:\\\/\\\/www.iipsi.com.br\\\/fr\\\/#website\"},\"datePublished\":\"2021-04-24T23:49:10+00:00\",\"breadcrumb\":{\"@id\":\"https:\\\/\\\/www.iipsi.com.br\\\/politica-de-privacidade\\\/#breadcrumb\"},\"inLanguage\":\"en-US\",\"potentialAction\":[{\"@type\":\"ReadAction\",\"target\":[\"https:\\\/\\\/www.iipsi.com.br\\\/politica-de-privacidade\\\/\"]}]},{\"@type\":\"BreadcrumbList\",\"@id\":\"https:\\\/\\\/www.iipsi.com.br\\\/politica-de-privacidade\\\/#breadcrumb\",\"itemListElement\":[{\"@type\":\"ListItem\",\"position\":1,\"name\":\"In\u00edcio\",\"item\":\"https:\\\/\\\/www.iipsi.com.br\\\/en\\\/\"},{\"@type\":\"ListItem\",\"position\":2,\"name\":\"Privacy Policy\"}]},{\"@type\":\"WebSite\",\"@id\":\"https:\\\/\\\/www.iipsi.com.br\\\/fr\\\/#website\",\"url\":\"https:\\\/\\\/www.iipsi.com.br\\\/fr\\\/\",\"name\":\"Instituto Internacional de Psican\u00e1lise\",\"description\":\"Instituto Internacional de Psican\u00e1lise\",\"publisher\":{\"@id\":\"https:\\\/\\\/www.iipsi.com.br\\\/fr\\\/#organization\"},\"potentialAction\":[{\"@type\":\"SearchAction\",\"target\":{\"@type\":\"EntryPoint\",\"urlTemplate\":\"https:\\\/\\\/www.iipsi.com.br\\\/fr\\\/?s={search_term_string}\"},\"query-input\":{\"@type\":\"PropertyValueSpecification\",\"valueRequired\":true,\"valueName\":\"search_term_string\"}}],\"inLanguage\":\"en-US\"},{\"@type\":\"Organization\",\"@id\":\"https:\\\/\\\/www.iipsi.com.br\\\/fr\\\/#organization\",\"name\":\"Instituto Internacional de Psican\u00e1lise\",\"url\":\"https:\\\/\\\/www.iipsi.com.br\\\/fr\\\/\",\"logo\":{\"@type\":\"ImageObject\",\"inLanguage\":\"en-US\",\"@id\":\"https:\\\/\\\/www.iipsi.com.br\\\/fr\\\/#\\\/schema\\\/logo\\\/image\\\/\",\"url\":\"https:\\\/\\\/www.iipsi.com.br\\\/wp-content\\\/uploads\\\/2021\\\/04\\\/logo-fran-iip.png\",\"contentUrl\":\"https:\\\/\\\/www.iipsi.com.br\\\/wp-content\\\/uploads\\\/2021\\\/04\\\/logo-fran-iip.png\",\"width\":330,\"height\":105,\"caption\":\"Instituto Internacional de Psican\u00e1lise\"},\"image\":{\"@id\":\"https:\\\/\\\/www.iipsi.com.br\\\/fr\\\/#\\\/schema\\\/logo\\\/image\\\/\"},\"sameAs\":[\"https:\\\/\\\/www.facebook.com\\\/Instituto-Internacional-de-Psicanlise-154483503074510\",\"https:\\\/\\\/www.youtube.com\\\/channel\\\/UCpdtZZXQAwCPaiQXuIkEHYQ\",\"https:\\\/\\\/www.instagram.com\\\/iip.psi\\\/?igshid=9gywb8g42cf2\"]}]}<\/script>\n<!-- \/ Yoast SEO plugin. -->","yoast_head_json":{"title":"Privacy Policy - Instituto Internacional de Psican\u00e1lise","robots":{"index":"index","follow":"follow","max-snippet":"max-snippet:-1","max-image-preview":"max-image-preview:large","max-video-preview":"max-video-preview:-1"},"canonical":"https:\/\/www.iipsi.com.br\/politica-de-privacidade\/","og_locale":"en_US","og_type":"article","og_title":"Privacy Policy - Instituto Internacional de Psican\u00e1lise","og_description":"Pol\u00edtica de Privacidade e Prote\u00e7\u00e3o de Dados Pessoais do Instituto Internacional de Psican\u00e1lise Sejam bem-vindos a plataforma do Instituto Internacional de Psican\u00e1lise. Esta Pol\u00edtica de Privacidade e Prote\u00e7\u00e3o de Dados Pessoais foi institu\u00edda para [\u2026]","og_url":"https:\/\/www.iipsi.com.br\/politica-de-privacidade\/","og_site_name":"Instituto Internacional de Psican\u00e1lise","article_publisher":"https:\/\/www.facebook.com\/Instituto-Internacional-de-Psicanlise-154483503074510","twitter_card":"summary_large_image","twitter_misc":{"Est. reading time":"14 minutes"},"schema":{"@context":"https:\/\/schema.org","@graph":[{"@type":"WebPage","@id":"https:\/\/www.iipsi.com.br\/politica-de-privacidade\/","url":"https:\/\/www.iipsi.com.br\/politica-de-privacidade\/","name":"Privacy Policy - Instituto Internacional de Psican\u00e1lise","isPartOf":{"@id":"https:\/\/www.iipsi.com.br\/fr\/#website"},"datePublished":"2021-04-24T23:49:10+00:00","breadcrumb":{"@id":"https:\/\/www.iipsi.com.br\/politica-de-privacidade\/#breadcrumb"},"inLanguage":"en-US","potentialAction":[{"@type":"ReadAction","target":["https:\/\/www.iipsi.com.br\/politica-de-privacidade\/"]}]},{"@type":"BreadcrumbList","@id":"https:\/\/www.iipsi.com.br\/politica-de-privacidade\/#breadcrumb","itemListElement":[{"@type":"ListItem","position":1,"name":"In\u00edcio","item":"https:\/\/www.iipsi.com.br\/en\/"},{"@type":"ListItem","position":2,"name":"Privacy Policy"}]},{"@type":"WebSite","@id":"https:\/\/www.iipsi.com.br\/fr\/#website","url":"https:\/\/www.iipsi.com.br\/fr\/","name":"Instituto Internacional de Psican\u00e1lise","description":"Instituto Internacional de Psican\u00e1lise","publisher":{"@id":"https:\/\/www.iipsi.com.br\/fr\/#organization"},"potentialAction":[{"@type":"SearchAction","target":{"@type":"EntryPoint","urlTemplate":"https:\/\/www.iipsi.com.br\/fr\/?s={search_term_string}"},"query-input":{"@type":"PropertyValueSpecification","valueRequired":true,"valueName":"search_term_string"}}],"inLanguage":"en-US"},{"@type":"Organization","@id":"https:\/\/www.iipsi.com.br\/fr\/#organization","name":"Instituto Internacional de Psican\u00e1lise","url":"https:\/\/www.iipsi.com.br\/fr\/","logo":{"@type":"ImageObject","inLanguage":"en-US","@id":"https:\/\/www.iipsi.com.br\/fr\/#\/schema\/logo\/image\/","url":"https:\/\/www.iipsi.com.br\/wp-content\/uploads\/2021\/04\/logo-fran-iip.png","contentUrl":"https:\/\/www.iipsi.com.br\/wp-content\/uploads\/2021\/04\/logo-fran-iip.png","width":330,"height":105,"caption":"Instituto Internacional de Psican\u00e1lise"},"image":{"@id":"https:\/\/www.iipsi.com.br\/fr\/#\/schema\/logo\/image\/"},"sameAs":["https:\/\/www.facebook.com\/Instituto-Internacional-de-Psicanlise-154483503074510","https:\/\/www.youtube.com\/channel\/UCpdtZZXQAwCPaiQXuIkEHYQ","https:\/\/www.instagram.com\/iip.psi\/?igshid=9gywb8g42cf2"]}]}},"_links":{"self":[{"href":"https:\/\/www.iipsi.com.br\/en\/wp-json\/wp\/v2\/pages\/2211","targetHints":{"allow":["GET"]}}],"collection":[{"href":"https:\/\/www.iipsi.com.br\/en\/wp-json\/wp\/v2\/pages"}],"about":[{"href":"https:\/\/www.iipsi.com.br\/en\/wp-json\/wp\/v2\/types\/page"}],"author":[{"embeddable":true,"href":"https:\/\/www.iipsi.com.br\/en\/wp-json\/wp\/v2\/users\/3"}],"replies":[{"embeddable":true,"href":"https:\/\/www.iipsi.com.br\/en\/wp-json\/wp\/v2\/comments?post=2211"}],"version-history":[{"count":1,"href":"https:\/\/www.iipsi.com.br\/en\/wp-json\/wp\/v2\/pages\/2211\/revisions"}],"predecessor-version":[{"id":2212,"href":"https:\/\/www.iipsi.com.br\/en\/wp-json\/wp\/v2\/pages\/2211\/revisions\/2212"}],"wp:attachment":[{"href":"https:\/\/www.iipsi.com.br\/en\/wp-json\/wp\/v2\/media?parent=2211"}],"curies":[{"name":"wp","href":"https:\/\/api.w.org\/{rel}","templated":true}]}}